{"id":3,"date":"2023-02-02T08:11:50","date_gmt":"2023-02-02T07:11:50","guid":{"rendered":"http:\/\/www.pondel.pl\/?page_id=3"},"modified":"2023-03-20T15:42:57","modified_gmt":"2023-03-20T14:42:57","slug":"polityka-prywatnosci","status":"publish","type":"page","link":"https:\/\/www.pondel.pl\/en\/polityka-prywatnosci\/","title":{"rendered":"Privacy Policy"},"content":{"rendered":"<div data-elementor-type=\"wp-page\" data-elementor-id=\"3\" class=\"elementor elementor-3\">\n\t\t\t\t\t\t<section class=\"elementor-section elementor-top-section elementor-element elementor-element-f1f0768 elementor-section-boxed elementor-section-height-default elementor-section-height-default\" data-id=\"f1f0768\" data-element_type=\"section\" data-e-type=\"section\">\n\t\t\t\t\t\t<div class=\"elementor-container elementor-column-gap-default\">\n\t\t\t\t\t<div class=\"elementor-column elementor-col-100 elementor-top-column elementor-element elementor-element-4db0294\" data-id=\"4db0294\" data-element_type=\"column\" data-e-type=\"column\">\n\t\t\t<div class=\"elementor-widget-wrap elementor-element-populated\">\n\t\t\t\t\t\t<div class=\"elementor-element elementor-element-f6d980b elementor-widget elementor-widget-spacer\" data-id=\"f6d980b\" data-element_type=\"widget\" data-e-type=\"widget\" data-widget_type=\"spacer.default\">\n\t\t\t\t<div class=\"elementor-widget-container\">\n\t\t\t\t\t\t\t<div class=\"elementor-spacer\">\n\t\t\t<div class=\"elementor-spacer-inner\"><\/div>\n\t\t<\/div>\n\t\t\t\t\t\t<\/div>\n\t\t\t\t<\/div>\n\t\t\t\t\t<\/div>\n\t\t<\/div>\n\t\t\t\t\t<\/div>\n\t\t<\/section>\n\t\t\t\t<section class=\"elementor-section elementor-top-section elementor-element elementor-element-314ca2f2 elementor-section-boxed elementor-section-height-default elementor-section-height-default\" data-id=\"314ca2f2\" data-element_type=\"section\" data-e-type=\"section\">\n\t\t\t\t\t\t<div class=\"elementor-container elementor-column-gap-default\">\n\t\t\t\t\t<div class=\"elementor-column elementor-col-100 elementor-top-column elementor-element elementor-element-2b6aaa38\" data-id=\"2b6aaa38\" data-element_type=\"column\" data-e-type=\"column\">\n\t\t\t<div class=\"elementor-widget-wrap elementor-element-populated\">\n\t\t\t\t\t\t<div class=\"elementor-element elementor-element-44922959 elementor-widget elementor-widget-text-editor\" data-id=\"44922959\" data-element_type=\"widget\" data-e-type=\"widget\" data-widget_type=\"text-editor.default\">\n\t\t\t\t<div class=\"elementor-widget-container\">\n\t\t\t\t\t\t\t\t\t<p><\/p>\n<p>Wojciech Pondel ul. Moscickiego 23, 34-470 Czarny Dunajec<\/p>\n<p>Privacy Policy<\/p>\n<p><strong>Polityka Prywatno\u015bci<br>Obowi\u0105zek informacyjny na podstawie artyku\u0142u 13 RODO*<\/strong><\/p>\n<p><em>(*Rozporz\u0105dzenie Parlamentu Europejskiego i Rady (UE) 2016\/679 z dnia 27 kwietnia 2016 r.&nbsp;<br>w sprawie ochrony os\u00f3b fizycznych w zwi\u0105zku z przetwarzaniem danych osobowych i w sprawie swobodnego przep\u0142ywu takich danych oraz uchylenia dyrektywy 95\/46\/WE)<\/em><\/p>\n<p><strong>Kto jest administratorem Twoich danych osobowych?<\/strong><\/p>\n<p>Administratorem Twoich danych osobowych jest <b>Wojciech Pondel<\/b>&nbsp;&nbsp;ul. Moscickiego 23, 34-470 Czarny Dunajec prowadz\u0105cy stron\u0119 internetow\u0105 pod adresem pondel.pl.<\/p>\n<p><strong>Kontakt w sprawie przetwarzania Twoich danych osobowych przez&nbsp;<\/strong><b>Wojciech Pondel&nbsp;<\/b><strong>&nbsp;<\/strong>(pondel.pl)<\/p>\n<p>W celu udzielenia informacji dotycz\u0105cych przetwarzania przez Nas Twoich danych osobowych mo\u017cesz si\u0119 z nami skontaktowa\u0107 listownie, mailowo oraz telefonicznie, poni\u017cej s\u0105 zamieszczone Nasze dane kontaktowe:<\/p>\n<p>Wojciech Pondel&nbsp;<\/p>\n<p>ul. Moscickiego 23,<\/p>\n<p>34-470 Czarny Dunajec<\/p>\n<p><span style=\"text-decoration: underline;\"><strong>wojtek@pondel.pl<\/strong><\/span><\/p>\n<p><strong>Jak otrzymali\u015bmy Twoje dane?<\/strong><\/p>\n<p>Otrzymali\u015bmy je od Ciebie podczas zawierania umowy komisu, zawierania umowy sprzeda\u017cy galeryjnej, zawieraniu umowy konserwacyjnej lub \u015bwiadczenia innych us\u0142ug, przekazaniu obiektu do wyceny, poprzez formularz kontaktowy, podczas rejestracji osobistej lub internetowej na prowadzone przez Nas aukcje lub przekaza\u0142e\u015b nam je drog\u0105 mailow\u0105.<\/p>\n<p><strong>W jakim celu i na jakich podstawach prawnych przetwarzamy Twoje dane osobowe?<\/strong><\/p>\n<p>Przetwarzamy Twoje dane osobowe, poniewa\u017c jest to niezb\u0119dne do wykonania umowy zawartej z Tob\u0105, w tym do:<\/p>\n<ul>\n<li>realizacji um\u00f3w zawartych w ramach umowy sprzeda\u017cy, konserwacji, oprawienia lub komisu;<\/li>\n<li>obs\u0142ugi reklamacji w przypadku, gdy z\u0142o\u017cysz tak\u0105 reklamacj\u0119;<\/li>\n<li>obs\u0142ugi zg\u0142osze\u0144, kt\u00f3re do nas kierujesz (np. przez formularz kontaktowy);<\/li>\n<li>kontaktowania si\u0119 z Tob\u0105, w tym w celach zwi\u0105zanych z realizacj\u0105 um\u00f3w, dokonaniem i otrzymaniem p\u0142atno\u015bci.<\/li>\n<\/ul>\n<p>Dodatkowo, przepisy prawa wymagaj\u0105 od nas przetwarzania Twoich danych dla:<\/p>\n<ul>\n<li>cel\u00f3w podatkowych i rachunkowych;<\/li>\n<li>prowadzenia ksi\u0119gi ewidencyjnej zabytk\u00f3w przyj\u0119tych lub oferowanych do zbycia;<\/li>\n<li>przeciwdzia\u0142ania praniu pieni\u0119dzy oraz finansowaniu terroryzmu.<\/li>\n<\/ul>\n<p>Twoje dane s\u0105 r\u00f3wnie\u017c przetwarzane przez Wojciech Pondel&nbsp;<strong>&nbsp;<\/strong>(pondel.pl) na podstawie prawnie uzasadnionego interesu Wojciech Pondel&nbsp;<strong>&nbsp;<\/strong>(widoksztuki.pl), w celach wskazanych poni\u017cej:<\/p>\n<ul>\n<li>prowadzenie wobec Ciebie dzia\u0142a\u0144 marketingowych w tym prowadzenia marketingu bezpo\u015bredniego towar\u00f3w i us\u0142ug oferowanych przez widoksztuki.pl ;<\/li>\n<li>kontaktowanie si\u0119 z Tob\u0105, w tym w celach zwi\u0105zanych z dozwolonymi dzia\u0142aniami marketingowymi, poprzez dost\u0119pne kana\u0142y komunikacji, w szczeg\u00f3lno\u015bci i za Twoj\u0105 zgod\u0105 \u2013 przez e-mail oraz telefon;<\/li>\n<li>obs\u0142uga Twoich pr\u00f3\u015bb przekazywanych w szczeg\u00f3lno\u015bci Biurze Obs\u0142ugi Klienta oraz przez formularz kontaktowy w sytuacji, gdy nie s\u0105 one zwi\u0105zane wprost z wykonaniem umowy;<\/li>\n<li>windykacja nale\u017cno\u015bci; prowadzenie post\u0119powa\u0144 s\u0105dowych, arbitra\u017cowych i mediacyjnych;<\/li>\n<li>przechowywanie danych dla cel\u00f3w archiwizacyjnych, oraz zapewnienie rozliczalno\u015bci (wykazania spe\u0142nienia przez Nas obowi\u0105zk\u00f3w wynikaj\u0105cych z przepis\u00f3w prawa).<\/li>\n<li>Dla podmiot\u00f3w trzecich takim jak agencje reklamowe i marketingowe, w celu obs\u0142ugi naszego marketingu i strony internetowej.<\/li>\n<\/ul>\n<p>Je\u015bli si\u0119 na to zgodzisz, przetwarzamy Twoje dane osobowe w celu zapisywania danych w plikach cookies, gromadzenia danych ze stron www.<\/p>\n<p>Zgod\u0119 na przetwarzanie danych osobowych, mo\u017cesz wycofa\u0107 w dowolny spos\u00f3b, w ka\u017cdym momencie. B\u0119dziemy przetwarza\u0107 Twoje dane osobowe dop\u00f3ki nie wycofasz zgody lub do momentu, kiedy wygasa nasz obowi\u0105zek przetwarzania Twoich danych, na\u0142o\u017cony na Nas powszechnie obowi\u0105zuj\u0105cymi przepisami prawa.<\/p>\n<p><strong>Czy musisz poda\u0107 nam swoje dane osobowe?<\/strong><\/p>\n<p>Dla cel\u00f3w wykonania obowi\u0105zk\u00f3w wynikaj\u0105cych z \u0142\u0105cz\u0105cej Nas umowy, a tak\u017ce dla przestrzegania wymog\u00f3w okre\u015blanych przez powszechnie obowi\u0105zuj\u0105ce przepisy prawa, wymagamy podania przez Ciebie nast\u0119puj\u0105cych danych osobowych:<\/p>\n<ul>\n<li>imi\u0119 i nazwisko;<\/li>\n<li>adres zamieszkania lub adres korespondencyjny;<\/li>\n<li>adres poczty elektronicznej;<\/li>\n<li>numer telefonu;<\/li>\n<li>numer rachunku bankowego<\/li>\n<\/ul>\n<p>Je\u015bli z jakiego\u015b powodu nie podasz danych osobowych (nie zaliczaj\u0105c do tego katalogu numeru rachunku bankowego), niestety nie b\u0119dziemy mogli zawrze\u0107 z Tob\u0105 umowy.<\/p>\n<p>Je\u017celi wymagaj\u0105 tego przepisy prawa, mo\u017cemy wymaga\u0107 od Ciebie podania innych danych niezb\u0119dnych np. ze wzgl\u0119d\u00f3w rachunkowych lub podatkowych. Poza tymi przypadkami podanie Twoich danych jest dobrowolne.<\/p>\n<p><strong>Jakie s\u0105 Twoje prawa zwi\u0105zane z przetwarzaniem danych osobowych przez Wojtek Pondel ( pondel.pl)?<\/strong><\/p>\n<p>Przys\u0142uguj\u0105 Ci nast\u0119puj\u0105ce prawa zwi\u0105zane z przetwarzaniem danych osobowych:<\/p>\n<ul>\n<li>prawo wycofania zgody na przetwarzanie danych,<\/li>\n<li>prawo dost\u0119pu do Twoich danych osobowych,<\/li>\n<li>prawo \u017c\u0105dania sprostowania Twoich danych osobowych,<\/li>\n<li>prawo \u017c\u0105dania usuni\u0119cia Twoich danych osobowych,<\/li>\n<li>prawo \u017c\u0105dania ograniczenia przetwarzania Twoich danych osobowych,<\/li>\n<li>prawo wyra\u017cenia sprzeciwu wobec przetwarzania Twoich danych ze wzgl\u0119du na Twoj\u0105 szczeg\u00f3ln\u0105 sytuacj\u0119 \u2013 w przypadkach, kiedy przetwarzamy Twoje dane na podstawie naszego prawnie uzasadnionego interesu,<\/li>\n<li>prawo do przenoszenia Twoich danych osobowych, tj. prawo otrzymania od nas Twoich danych osobowych, w ustrukturyzowanym, powszechnie u\u017cywanym formacie informatycznym nadaj\u0105cym si\u0119 do odczytu maszynowego. Mo\u017cesz przes\u0142a\u0107 te dane innemu administratorowi danych lub za\u017c\u0105da\u0107, aby\u015bmy przes\u0142ali Twoje dane do innego administratora. Jednak\u017ce zrobimy to tylko je\u015bli takie przes\u0142anie jest technicznie mo\u017cliwe. Prawo do przenoszenia danych osobowych przys\u0142uguje Ci tylko co do tych danych, kt\u00f3re przetwarzamy na podstawie umowy z Tob\u0105 lub na podstawie Twojej zgody,<\/li>\n<\/ul>\n<p>Aby skorzysta\u0107 z powy\u017cszych praw, skontaktuj si\u0119 z Nami przez formularz dost\u0119pny na stronie internetowej&nbsp;<a href=\"https:\/\/widoksztuki.pl\/\">widoksztuki.pl<\/a>&nbsp;lub wy\u015blij wiadomo\u015b\u0107 na adres mailowy&nbsp;<strong style=\"color: var( --e-global-color-astglobalcolor8 ); font-family: var( --e-global-typography-text-font-family ), Sans-serif; background-color: var(--ast-global-color-5); font-size: 1rem;\">wojtek@pondel.pl.<\/strong><\/p>\n<p>Z uprawnie\u0144 tych mo\u017cesz skorzysta\u0107, gdy:<\/p>\n<ul>\n<li>w odniesieniu do \u017c\u0105dania sprostowania danych: zauwa\u017cysz, \u017ce Twoje dane s\u0105 nieprawid\u0142owe lub niekompletne;<\/li>\n<li>w odniesieniu do \u017c\u0105dania usuni\u0119cia danych: Twoje dane nie b\u0119d\u0105 ju\u017c niezb\u0119dne do cel\u00f3w, dla kt\u00f3rych zosta\u0142y zebrane przez Sp\u00f3\u0142k\u0119; cofniesz swoj\u0105 zgod\u0119 na przetwarzanie danych; zg\u0142osisz sprzeciw wobec przetwarzania Twoich danych; Twoje dane b\u0119d\u0105 przetwarzane niezgodnie z prawem; dane powinny by\u0107 usuni\u0119te w celu wywi\u0105zania si\u0119 z obowi\u0105zku wynikaj\u0105cego z przepisu prawa lub dane zosta\u0142y zebrane w zwi\u0105zku ze \u015bwiadczeniem us\u0142ug drog\u0105 elektroniczn\u0105 oferowanych dziecku;<\/li>\n<li>w odniesieniu do \u017c\u0105dania ograniczenia przetwarzania danych: zauwa\u017cysz, \u017ce Twoje dane s\u0105 nieprawid\u0142owe \u2013 mo\u017cesz \u017c\u0105da\u0107 ograniczenia przetwarzania Twoich danych na okres pozwalaj\u0105cy nam sprawdzi\u0107 prawid\u0142owo\u015b\u0107 tych danych; Twoje dane b\u0119d\u0105 przetwarzane niezgodnie z prawem, ale nie b\u0119dziesz chcia\u0142\/a, aby zosta\u0142y usuni\u0119te; Twoje dane nie b\u0119d\u0105 nam ju\u017c potrzebne, ale mog\u0105 by\u0107 potrzebne Tobie do obrony lub dochodzenia roszcze\u0144; lub wniesiesz sprzeciw wobec przetwarzania danych \u2013 do czasu ustalenia, czy prawnie uzasadnione podstawy po naszej stronie s\u0105 nadrz\u0119dne wobec podstawy sprzeciwu;<\/li>\n<li>w odniesieniu do \u017c\u0105dania przeniesienia danych: przetwarzanie Twoich danych odbywa si\u0119 na podstawie Twojej zgody lub umowy zawartej z Tob\u0105 oraz, gdy przetwarzanie to odbywa si\u0119 w spos\u00f3b automatyczny.<\/li>\n<\/ul>\n<p>Masz prawo wnie\u015b\u0107 skarg\u0119 w zwi\u0105zku z przetwarzaniem przez nas Twoich danych osobowych do organu nadzorczego, kt\u00f3rym jest Generalny Inspektor Ochrony Danych Osobowych (adres: Generalny Inspektor Ochrony Danych Osobowych, ul. Stawki 2, 00-193 Warszawa).<\/p>\n<p><strong>Kiedy mo\u017cesz z\u0142o\u017cy\u0107 sprzeciwi\u0107 wobec przetwarzania Twoich danych przez&nbsp;<\/strong><b><span style=\"color: var( --e-global-color-astglobalcolor8 ); font-family: var( --e-global-typography-text-font-family ), Sans-serif; background-color: var(--ast-global-color-5); font-size: 1rem;\">Wojciech Pondel<\/span><span style=\"color: var( --e-global-color-astglobalcolor8 ); font-family: var( --e-global-typography-text-font-family ), Sans-serif; background-color: var(--ast-global-color-5); font-size: 1rem;\">&nbsp;<\/span><\/b><strong style=\"font-style: inherit; color: var( --e-global-color-astglobalcolor8 ); font-family: var( --e-global-typography-text-font-family ), Sans-serif; background-color: var(--ast-global-color-5);\">&nbsp;( pondel.pl)?<\/strong><\/p>\n<p>Masz prawo wnie\u015b\u0107 sprzeciw wobec przetwarzania Twoich danych osobowych, gdy:<\/p>\n<ul>\n<li>przetwarzanie Twoich danych osobowych odbywa si\u0119 na podstawie prawnie uzasadnionego interesu lub dla cel\u00f3w statystycznych, a sprzeciw jest uzasadniony przez szczeg\u00f3ln\u0105 sytuacj\u0119, w kt\u00f3rej si\u0119 znalaz\u0142e\u015b\/a\u015b,<\/li>\n<li>Twoje dane osobowe przetwarzane s\u0105 na potrzeby marketingu bezpo\u015bredniego, w tym s\u0105 profilowane dla tego celu.<\/li>\n<\/ul>\n<p>Pami\u0119taj, \u017ce z prawa sprzeciwu mo\u017cesz skorzysta\u0107 od 25 maja 2018 roku.<\/p>\n<p><strong>Komu udost\u0119pniamy Twoje dane osobowe?<\/strong><\/p>\n<p>Twoje dane osobowe udost\u0119pniamy podmiotom wspieraj\u0105cym Nas w prowadzeniu rachunkowo\u015bci, strony internetowej, system\u00f3w informatycznych oraz wykonuj\u0105cych us\u0142ugi konsultingowe i audytowe. Podmioty, kt\u00f3rym powierzamy przetwarzanie Twoich danych osobowych, wykonuj\u0105 swoje zadania na podstawie umowy z Nami i tylko zgodnie z naszymi poleceniami. Zawierane przez Nas umowy powierzania przetwarzania danych zawieraj\u0105 klauzule umowne, zatwierdzone przez Komisj\u0119 Europejsk\u0105. Ponadto, mo\u017cemy przekaza\u0107 Twoje dane osobowe organom publicznym walcz\u0105cym z oszustwami i nadu\u017cyciami.<\/p>\n<p><strong>Jak d\u0142ugo przechowujemy Twoje dane osobowe?<\/strong><\/p>\n<p>Przechowujemy Twoje dane osobowe przez czas obowi\u0105zywania umowy zawartej z Tob\u0105, a tak\u017ce po jej zako\u0144czeniu w celach:<\/p>\n<ul>\n<li>dochodzenia roszcze\u0144 w zwi\u0105zku z wykonywaniem umowy,<\/li>\n<li>wykonania obowi\u0105zk\u00f3w wynikaj\u0105cych z przepis\u00f3w prawa, w tym w szczeg\u00f3lno\u015bci podatkowych i rachunkowych,<\/li>\n<li>zapobiegania nadu\u017cyciom i oszustwom,<\/li>\n<li>statystycznych i archiwizacyjnych,<\/li>\n<\/ul>\n<p>maksymalnie przez okres 10 lat od dnia zako\u0144czenia wykonania umowy lub przez okres okre\u015blony przez przepisy prawa, kt\u00f3re nak\u0142adaj\u0105 na Nas obowi\u0105zek przetwarzania Twoich danych.<\/p>\n<p>Przechowujemy Twoje dane osobowe dla cel\u00f3w marketingowych przez okres obowi\u0105zywania umowy lub do momentu wniesienia przez Ciebie sprzeciwu wobec takiego przetwarzania, w zale\u017cno\u015bci od tego, kt\u00f3re z tych zdarze\u0144 wyst\u0105pi wcze\u015bniej.<\/p>\n<p><strong>Czy przekazujemy Twoje dane do pa\u0144stw spoza Europejskiego Obszaru Gospodarczego?<\/strong><\/p>\n<p>Twoje dane osobowe b\u0119d\u0105 przekazywane poza Europejski Obszar Gospodarczy do Google LLC w oparciu o odpowiednie zabezpieczenia prawne, kt\u00f3rymi s\u0105 klauzule umowne ochrony danych osobowych, zatwierdzone przez Komisj\u0119 Europejsk\u0105.<\/p>\n<p><strong>Czy przetwarzamy Twoje dane osobowe automatycznie (w tym poprzez profilowanie) w spos\u00f3b wp\u0142ywaj\u0105cy na Twoje prawa?<\/strong><\/p>\n<p>Twoje dane osobowe b\u0119d\u0105 przetwarzane w spos\u00f3b zautomatyzowany, jednak\u017ce bez stosowania zautomatyzowanego profilowania. &nbsp;Nie b\u0119dzie to wywo\u0142ywa\u0107 wobec Ciebie \u017cadnych skutk\u00f3w prawnych lub w podobny spos\u00f3b istotnie wp\u0142ywa\u0107 na Twoj\u0105 sytuacj\u0119.<\/p>\n<p><strong>Rezygnacja ze zgody na przetwarzanie danych osobowych<\/strong><\/p>\n<p>Szanowni Pa\u0144stwo,<\/p>\n<p>W ka\u017cdej chwili mo\u017cecie wycofa\u0107 wyra\u017con\u0105 przez Was zgod\u0119 na przetwarzanie Pa\u0144stwa danych osobowych lub skorzysta\u0107 z innych praw Pa\u0144stwu przys\u0142uguj\u0105cych w zwi\u0105zku z przetwarzaniem danych osobowych. W tym celu prosimy o pobranie poni\u017cszego formularza, wydrukowanie, wype\u0142nienie i podpisanie oraz odes\u0142anie e-mailem na: <span style=\"text-decoration: underline;\"><strong>wojtek@pondel.pl<\/strong><\/span>&nbsp; lub poczt\u0105 na adres: Wojtek Pondel ul. Moscickiego 23, 34-470 Czarny Dunajec<\/p>\n<p><\/p>\t\t\t\t\t\t\t\t<\/div>\n\t\t\t\t<\/div>\n\t\t\t\t\t<\/div>\n\t\t<\/div>\n\t\t\t\t\t<\/div>\n\t\t<\/section>\n\t\t\t\t<\/div>","protected":false},"excerpt":{"rendered":"<p>Wojciech Pondel ul. Moscickiego 23, 34-470 Czarny Dunajec Polityka prywatno\u015bci Polityka Prywatno\u015bciObowi\u0105zek informacyjny na podstawie artyku\u0142u 13 RODO* (*Rozporz\u0105dzenie Parlamentu Europejskiego i Rady (UE) 2016\/679 z dnia 27 kwietnia 2016 r.&nbsp;w sprawie ochrony os\u00f3b fizycznych w zwi\u0105zku z przetwarzaniem danych osobowych i w sprawie swobodnego przep\u0142ywu takich danych oraz uchylenia dyrektywy 95\/46\/WE) Kto jest administratorem &hellip;<\/p>\n<p class=\"read-more\"> <a class=\"\" href=\"https:\/\/www.pondel.pl\/en\/polityka-prywatnosci\/\"> <span class=\"screen-reader-text\">Privacy Policy<\/span> Read More &raquo;<\/a><\/p>","protected":false},"author":1,"featured_media":0,"parent":0,"menu_order":0,"comment_status":"closed","ping_status":"closed","template":"elementor_header_footer","meta":{"site-sidebar-layout":"default","site-content-layout":"default","ast-global-header-display":"","ast-banner-title-visibility":"","ast-main-header-display":"","ast-hfb-above-header-display":"","ast-hfb-below-header-display":"","ast-hfb-mobile-header-display":"","site-post-title":"","ast-breadcrumbs-content":"","ast-featured-img":"","footer-sml-layout":"","theme-transparent-header-meta":"","adv-header-id-meta":"","stick-header-meta":"","header-above-stick-meta":"","header-main-stick-meta":"","header-below-stick-meta":"","footnotes":""},"class_list":["post-3","page","type-page","status-publish","hentry"],"_links":{"self":[{"href":"https:\/\/www.pondel.pl\/en\/wp-json\/wp\/v2\/pages\/3","targetHints":{"allow":["GET"]}}],"collection":[{"href":"https:\/\/www.pondel.pl\/en\/wp-json\/wp\/v2\/pages"}],"about":[{"href":"https:\/\/www.pondel.pl\/en\/wp-json\/wp\/v2\/types\/page"}],"author":[{"embeddable":true,"href":"https:\/\/www.pondel.pl\/en\/wp-json\/wp\/v2\/users\/1"}],"replies":[{"embeddable":true,"href":"https:\/\/www.pondel.pl\/en\/wp-json\/wp\/v2\/comments?post=3"}],"version-history":[{"count":24,"href":"https:\/\/www.pondel.pl\/en\/wp-json\/wp\/v2\/pages\/3\/revisions"}],"predecessor-version":[{"id":1448,"href":"https:\/\/www.pondel.pl\/en\/wp-json\/wp\/v2\/pages\/3\/revisions\/1448"}],"wp:attachment":[{"href":"https:\/\/www.pondel.pl\/en\/wp-json\/wp\/v2\/media?parent=3"}],"curies":[{"name":"wp","href":"https:\/\/api.w.org\/{rel}","templated":true}]}}